{"id":135,"date":"2016-03-31T19:02:02","date_gmt":"2016-03-31T18:02:02","guid":{"rendered":"http:\/\/www.nelen.cz\/?page_id=135"},"modified":"2016-03-31T19:02:02","modified_gmt":"2016-03-31T18:02:02","slug":"vit-zemcik","status":"publish","type":"page","link":"https:\/\/www.nelen.cz\/2015\/ucinkujici\/mimo-sekce\/vit-zemcik\/","title":{"rendered":"Mgr. V\u00edt Zem\u010d\u00edk"},"content":{"rendered":"<p><img loading=\"lazy\" decoding=\"async\" class=\"size-medium wp-image-52 alignright\" src=\"http:\/\/www.nelen.cz\/2015\/wp-content\/uploads\/sites\/2\/2016\/03\/zemcik_vit-200x300.jpg\" alt=\"zemcik_vit\" width=\"200\" height=\"300\" \/><\/p>\n<p>motion designer<\/p>\n<p>Pracuju jako motion designer, tak\u017ee propojuji grafick\u00fd design s animac\u00ed. Po bakal\u00e1\u0159sk\u00e9m studiu digit\u00e1ln\u00edch m\u00e9di\u00ed jsem nastoupil do t\u00fdmu vizu\u00e1ln\u00ed prezentace \u010cesk\u00e9 televize, kde jsem m\u011bl na starosti p\u0159edev\u0161\u00edm grafiku sportovn\u00edho kan\u00e1lu \u010cT4. Po t\u0159ech letech jsem se p\u0159esunul do lond\u00fdnsk\u00e9ho studia Mainframe, kde jsem se v\u011bnoval televizn\u00edm i jin\u00fdm komer\u010dn\u00edm projekt\u016fm a od lo\u0148sk\u00e9ho podzimu jsem zp\u00e1tky v Praze a p\u016fsob\u00edm ve studiu Oficina, kter\u00e9 pat\u0159\u00ed mezi evropskou \u0161pi\u010dku televizn\u00ed grafiky. O historii televizn\u00ed grafiky a jej\u00edm potenci\u00e1lu v kontextu medi\u00e1ln\u00ed konvergence jsem napsal magisterskou diplomku. Krom\u011b televizn\u00edch a reklamn\u00edch projekt\u016f r\u00e1d realizuju vlastn\u00ed animace nekomer\u010dn\u00edho charakteru \u2013 moje \u00favodn\u00ed zn\u011blky pro festivaly TypeTalks a TEDx Hradec Kr\u00e1lov\u00e9 se dostaly mezi nominovan\u00e1 videa na European Design Awards v kategorii Motion Graphics.<\/p>\n","protected":false},"excerpt":{"rendered":"<p>motion designer Pracuju jako motion designer, tak\u017ee propojuji grafick\u00fd design s animac\u00ed. Po bakal\u00e1\u0159sk\u00e9m studiu digit\u00e1ln\u00edch m\u00e9di\u00ed jsem nastoupil do t\u00fdmu vizu\u00e1ln\u00ed prezentace \u010cesk\u00e9 televize, kde jsem m\u011bl na starosti p\u0159edev\u0161\u00edm grafiku sportovn\u00edho kan\u00e1lu \u010cT4. Po t\u0159ech letech jsem se p\u0159esunul do lond\u00fdnsk\u00e9ho studia Mainframe, kde jsem se v\u011bnoval televizn\u00edm i jin\u00fdm komer\u010dn\u00edm projekt\u016fm a [&hellip;]<\/p>\n","protected":false},"author":1,"featured_media":0,"parent":128,"menu_order":0,"comment_status":"closed","ping_status":"closed","template":"","meta":{"_acf_changed":false,"footnotes":""},"class_list":["post-135","page","type-page","status-publish","hentry"],"acf":[],"_links":{"self":[{"href":"https:\/\/www.nelen.cz\/2015\/wp-json\/wp\/v2\/pages\/135","targetHints":{"allow":["GET"]}}],"collection":[{"href":"https:\/\/www.nelen.cz\/2015\/wp-json\/wp\/v2\/pages"}],"about":[{"href":"https:\/\/www.nelen.cz\/2015\/wp-json\/wp\/v2\/types\/page"}],"author":[{"embeddable":true,"href":"https:\/\/www.nelen.cz\/2015\/wp-json\/wp\/v2\/users\/1"}],"replies":[{"embeddable":true,"href":"https:\/\/www.nelen.cz\/2015\/wp-json\/wp\/v2\/comments?post=135"}],"version-history":[{"count":0,"href":"https:\/\/www.nelen.cz\/2015\/wp-json\/wp\/v2\/pages\/135\/revisions"}],"up":[{"embeddable":true,"href":"https:\/\/www.nelen.cz\/2015\/wp-json\/wp\/v2\/pages\/128"}],"wp:attachment":[{"href":"https:\/\/www.nelen.cz\/2015\/wp-json\/wp\/v2\/media?parent=135"}],"curies":[{"name":"wp","href":"https:\/\/api.w.org\/{rel}","templated":true}]}}