{"id":158,"date":"2016-03-31T19:11:50","date_gmt":"2016-03-31T18:11:50","guid":{"rendered":"http:\/\/www.nelen.cz\/?page_id=158"},"modified":"2016-03-31T19:11:50","modified_gmt":"2016-03-31T18:11:50","slug":"sobota","status":"publish","type":"page","link":"https:\/\/www.nelen.cz\/2015\/program\/sobota\/","title":{"rendered":"sobota"},"content":{"rendered":"<p>grafick\u00fd pl\u00e1n:<\/p>\n<p><img loading=\"lazy\" decoding=\"async\" class=\"alignnone size-full wp-image-161\" src=\"http:\/\/www.nelen.cz\/2015\/wp-content\/uploads\/sites\/2\/2016\/03\/program_saturday.png\" alt=\"program_saturday\" width=\"700\" height=\"534\" srcset=\"https:\/\/www.nelen.cz\/2015\/wp-content\/uploads\/sites\/2\/2016\/03\/program_saturday.png 700w, https:\/\/www.nelen.cz\/2015\/wp-content\/uploads\/sites\/2\/2016\/03\/program_saturday-300x229.png 300w\" sizes=\"auto, (max-width: 700px) 100vw, 700px\" \/><\/p>\n<p>&nbsp;<\/p>\n<p>podrobn\u00fd rozpis:<\/p>\n<p>podrobn\u00fd rozpis:<\/p>\n<h4>sokolovna &#8211; s\u00e1l<\/h4>\n<div class=\"program-item\">\n<p>13:00<\/p>\n<h5>zah\u00e1jen\u00ed akce<\/h5>\n<p class=\"program-item-performers\"><a class=\"performer-link\" href=\"http:\/\/old.nelen.cz\/#performer-filak-michal\">Michal Fil\u00e1k<\/a><\/p>\n<p>Ofici\u00e1ln\u00ed zah\u00e1jen\u00ed multi\u017e\u00e1nrov\u00e9ho festivalu Nele\u0148!, \u00favodn\u00ed slovo<\/p>\n<\/div>\n<div class=\"program-item\">\n<p>14:00 &#8211; 16:00<\/p>\n<h5>v\u011bda a v\u00fdzkum<\/h5>\n<p class=\"program-item-performers\"><a class=\"performer-link\" href=\"http:\/\/old.nelen.cz\/#performer-jirakova-katerina\">Kate\u0159ina Jir\u00e1kov\u00e1<\/a>, <a class=\"performer-link\" href=\"http:\/\/old.nelen.cz\/#performer-munster-lukas\">Luk\u00e1\u0161 M\u00fcnster<\/a>, <a class=\"performer-link\" href=\"http:\/\/old.nelen.cz\/#performer-paurova-monika\">Monika Pa\u00farov\u00e1<\/a>, <a class=\"performer-link\" href=\"http:\/\/old.nelen.cz\/#performer-fryzelkova-jana\">Jana Fryzelkov\u00e1<\/a>, <a class=\"performer-link\" href=\"http:\/\/old.nelen.cz\/#performer-sanak-frantisek\">Franti\u0161ek Sa\u0148\u00e1k<\/a>, garantem sekce je <a class=\"performer-link\" href=\"http:\/\/old.nelen.cz\/#performer-danek-petr\">Petr Dan\u011bk<\/a><\/p>\n<p>Sekce se zam\u011b\u0159uje na sezn\u00e1men\u00ed ve\u0159ejnosti se sv\u011btem p\u0159\u00edrodn\u00edch v\u011bd a v\u00fdzkumu. By\u0165 se s v\u011bdou setk\u00e1v\u00e1me t\u00e9m\u011b\u0159 ka\u017ed\u00fd den, \u010dasto si to ani neuv\u011bdomujeme. C\u00edlem je uk\u00e1zat v\u00fdznam v\u011bdy v praktick\u00e9m \u017eivot\u011b a p\u0159ibl\u00ed\u017eit slo\u017eitou problematiku v\u00fdzkum\u016f v\u0161em. Mlad\u00ed v\u011bdci a mlad\u00e9 v\u011bdkyn\u011b v\u00e1m prost\u0159ednictv\u00edm prezentac\u00ed a diskuze objasn\u00ed svou pr\u00e1ci na zaj\u00edmav\u00fdch projektech. V\u00edte t\u0159eba, jak vypad\u00e1 takov\u00fd b\u011b\u017en\u00fd den v\u011bdce? Nebo co se ve skute\u010dnosti skr\u00fdv\u00e1 pod, pro mnoh\u00e9 hroziv\u00fdmi, pojmy \u010d\u00e1sticov\u00e1 fyzika a molekul\u00e1rn\u00ed biologie? Ne? Tak to ur\u010dit\u011b p\u0159ij\u010fte!<\/p>\n<\/div>\n<div id=\"program-architecture\" class=\"program-item\">\n<p>16:00 &#8211; 18:00<\/p>\n<h5>architektura a stavitelstv\u00ed<\/h5>\n<p class=\"program-item-performers\"><a class=\"performer-link\" href=\"http:\/\/old.nelen.cz\/#performer-humpola-karel\">Karel Humpola<\/a>, <a class=\"performer-link\" href=\"http:\/\/old.nelen.cz\/#performer-orsakova-diana\">Diana Ors\u00e1kov\u00e1<\/a>, <a class=\"performer-link\" href=\"http:\/\/old.nelen.cz\/#performer-fryzelkova-katerina\">Kate\u0159ina Fryzelkov\u00e1<\/a>, <a class=\"performer-link\" href=\"http:\/\/old.nelen.cz\/#performer-koncerova-lea\">Lea Koncerov\u00e1<\/a>, <a class=\"performer-link\" href=\"http:\/\/old.nelen.cz\/#performer-belzik-roman\">Roman Bel\u017e\u00edk<\/a>, garantem sekce je <a class=\"performer-link\" href=\"http:\/\/old.nelen.cz\/#performer-kutra-zdenek\">Zden\u011bk Kutra<\/a><\/p>\n<p>Sekce architektura a stavitelstv\u00ed m\u00e1 pro v\u00e1s p\u0159ipraven\u00e9 p\u0159edn\u00e1\u0161ky s aktu\u00e1ln\u00ed t\u00e9matikou ve\u0159ejn\u00e9ho prostoru. V jednotliv\u00fdch prezentac\u00edch bude rozeb\u00edr\u00e1n nap\u0159\u00edklad historick\u00fd v\u00fdvoj m\u011bsta, t\u00e9ma bezbari\u00e9rovosti, probl\u00e9my ve\u0159ejn\u00fdch prostor\u016f v na\u0161em obytn\u00e9m prost\u0159ed\u00ed, prezentov\u00e1ny budou m\u00edstn\u00ed zaj\u00edmav\u00e9 a dosud nerealizovan\u00e9 projekty, a na z\u00e1v\u011br v\u00e1m srozumiteln\u011b vysv\u011btl\u00edme, jak v\u016fbec takov\u00e9 projektov\u00e1n\u00ed prob\u00edh\u00e1 a jak\u00e9 m\u00e1 f\u00e1ze.<\/p>\n<p>Seznam p\u0159edn\u00e1\u0161ek v\u00a0sekci architektura a stavitelstv\u00ed:<br \/>\nN\u011bkolik pozn\u00e1mek ke stavebn\u00ed historii Slavi\u010d\u00edna (<a class=\"performer-link\" href=\"http:\/\/old.nelen.cz\/#performer-humpola-karel\">Karel Humpola<\/a>)<br \/>\nBezbari\u00e9rovost &#8211; parametr kvality ve\u0159ejn\u00fdch prostor (<a class=\"performer-link\" href=\"http:\/\/old.nelen.cz\/#performer-orsakova-diana\">Diana Ors\u00e1kov\u00e1<\/a>)<br \/>\nVe\u0159ejn\u00e9 prostory v na\u0161em obytn\u00e9m prost\u0159ed\u00ed (<a class=\"performer-link\" href=\"http:\/\/old.nelen.cz\/#performer-fryzelkova-katerina\">Kate\u0159ina Fryzelkov\u00e1<\/a>)<br \/>\nZe \u0161upl\u00edk\u016f &#8211; aneb Projekty a vize pro Slavi\u010d\u00edn (<a class=\"performer-link\" href=\"http:\/\/old.nelen.cz\/#performer-koncerova-lea\">Lea Koncerov\u00e1<\/a>)<br \/>\nProjekt, z\u00e1klad kvalitn\u00ed stavby (<a class=\"performer-link\" href=\"http:\/\/old.nelen.cz\/#performer-belzik-roman\">Roman Bel\u017e\u00edk<\/a>)<\/p>\n<\/div>\n<p>koncert kapel:<\/p>\n<div class=\"program-item\">\n<p>19:30 &#8211; 20:00<\/p>\n<h5>morton mabel<\/h5>\n<p>Za\u010d\u00ednaj\u00edc\u00ed projekt mlad\u00fdch student\u016f a studentek \u017eij\u00edc\u00edch v Praze je pro Nele\u0148! t\u00edm prav\u00fdm. Do Slavi\u010d\u00edna p\u0159ijedou v\u00a0premi\u00e9rov\u00e9 sestav\u011b \u2013 piano, violoncello, elektronick\u00e9 aran\u017ee a vok\u00e1ly. Nechme se p\u0159ekvapit jejich aktu\u00e1ln\u00edm reperto\u00e1rem.<\/p>\n<\/div>\n<div class=\"program-item\">\n<p>20:30 &#8211; 21:30<\/p>\n<h5>ne\u0159vi mi do ucha<\/h5>\n<p>Ne\u0159vi mi do ucha sami sebe \u0161katulkuj\u00ed jako introvertn\u00ed disko. Kombinace slovensk\u00e9ho vok\u00e1lu, jednoduch\u00fdch melodi\u00ed a klarinetu \u010di saxofonu m\u00edsty opravdu vyz\u00edv\u00e1 k\u00a0tanci, av\u0161ak melancholie jejich p\u00edsni\u010dek je v\u0161udyp\u0159\u00edtomn\u00e1. Jsme sami zv\u011bdav\u00ed, v\u00a0jak\u00e9m rozpolo\u017een\u00ed je publikum p\u0159ijme. Budeme tancovat, nebo smutnit?<\/p>\n<\/div>\n<div class=\"program-item\">\n<p>22:00 &#8211; 23:00<\/p>\n<h5>prodava\u010d<\/h5>\n<p>Genera\u010dn\u00ed zpov\u011b\u010f chl\u00e1pka z\u00a0malom\u011bsta, kter\u00fd se nikdy nestyd\u011bl za popov\u00e9 ko\u0159eny. Sporto byli pr\u016fkopn\u00edci diverze popu do punku a DIY, \u0160amp\u00f3n pak pokra\u010doval s\u00f3lov\u00fdmi projekty, ty dorostly a\u017e do dal\u0161\u00ed kapely jm\u00e9nem Prodava\u010d. \u010cty\u0159i kamar\u00e1di, kter\u00fdm to \u0161lape jako bl\u00e1zen. Lo\u0148sk\u00e9 skv\u011bl\u00e9 album Mal\u00fd r\u00e1je budi\u017e toho d\u016fkazem.<\/p>\n<\/div>\n<div class=\"program-item\">\n<p>23:30 &#8211; 00:30<\/p>\n<h5>kalle<\/h5>\n<p>Kalle se v\u00e1m se sv\u00fdmi pomal\u00fdmi a nal\u00e9hav\u00fdmi melodiemi dostanou pod k\u016f\u017ei u\u017e po prvn\u00ed p\u00edsni\u010dce. Veroni\u010din hlas dopln\u011bn\u00fd o kytaru a aran\u017ee v\u00e1s vt\u00e1hnou do va\u0161eho vlastn\u00edho sv\u011bta a pokud ostatn\u00ed z publika dovol\u00ed, m\u016f\u017eete se t\u011b\u0161it na opravdu nev\u0161edn\u00ed koncertn\u00ed depresi\u010dku. N\u011bco jako trip-hop bez hopu.<\/p>\n<\/div>\n<div class=\"program-item\">\n<p>1:00 &#8211; 1:30<\/p>\n<h5>welders<\/h5>\n<p>Dva chl\u00e1pci, co si \u0159\u00edkaj\u00ed \u201eSv\u00e1\u0159e\u010di\u201c, si pro n\u00e1v\u0161t\u011bvn\u00edky p\u0159ipravili set pln\u00fd experiment\u016f. Bic\u00ed, k\u00a0tomu didgeridoo a ob\u010dasn\u00e9 vok\u00e1ly. To prav\u00e9 na z\u00e1v\u011br dlouh\u00e9ho ve\u010dera. Rozbit\u00ed o\u010dek\u00e1v\u00e1no, jiskry snad l\u00e9tat nebudou.<\/p>\n<\/div>\n<h4>hor\u00e1kova vila<\/h4>\n<div class=\"program-item\">\n<p>14:15 &#8211; 14:45<\/p>\n<h5>o GLENu aneb jak se u\u010dit glob\u00e1ln\u011b<\/h5>\n<p class=\"program-item-performers\"><a class=\"performer-link\" href=\"http:\/\/old.nelen.cz\/#performer-janackova-marcela\">Marcela Jan\u00e1\u010dkov\u00e1<\/a><\/p>\n<p>GLEN (Global Education Network of Young Europeans) umo\u017e\u0148uje mlad\u00fdm lidem u\u010dit se o sv\u011bt\u011b v souvislostech, vycestovat do zem\u00ed glob\u00e1ln\u00edho Jihu a tyto souvislosti si od\u017e\u00edt, sd\u00edlet a p\u0159edat d\u00e1l. O tom, jak GLEN vzd\u011bl\u00e1v\u00e1 a co se v n\u011bm d\u00e1 nau\u010dit s\u00e1m o sob\u011b a vlastn\u00ed kultu\u0159e, bude pov\u00eddat Marcela Jan\u00e1\u010dkov\u00e1, kter\u00e1 se ro\u010dn\u00edho programu z\u00fa\u010dastnila v roce 2012.<\/p>\n<\/div>\n<div class=\"program-item\">\n<p>14:45 &#8211; 15:30<\/p>\n<h5>humanit\u00e1rn\u00edm pracovn\u00edkem v Kongu<\/h5>\n<p class=\"program-item-performers\"><a class=\"performer-link\" href=\"http:\/\/old.nelen.cz\/#performer-janackova-marcela\">Marcela Jan\u00e1\u010dkov\u00e1<\/a><\/p>\n<p>Jak\u00e1 je zbl\u00edzka zem\u011b poni\u010den\u00e1 ob\u010danskou v\u00e1lkou, proslaven\u00e1 de\u0161tn\u00fdm pralesem, gorilami, krvav\u00fdmi miner\u00e1ly a zbran\u011bmi? A jac\u00ed jsou lid\u00e9, kte\u0159\u00ed v n\u00ed \u017eij\u00ed? Demokratick\u00e1 republika Kongo pohledem projek\u0165\u00e1ka na humanit\u00e1rn\u00ed misi \u010clov\u011bka v t\u00edsni.<\/p>\n<\/div>\n<div class=\"program-item\">\n<p>15:30 &#8211; 16:30<\/p>\n<h5>kids\u00b4 skills &#8211; probl\u00e9m nebo dovednost?<\/h5>\n<p class=\"program-item-performers\"><a class=\"performer-link\" href=\"http:\/\/old.nelen.cz\/#performer-dvorakova-kristyna\">Krist\u00fdna Dvo\u0159\u00e1kov\u00e1<\/a>, <a class=\"performer-link\" href=\"http:\/\/old.nelen.cz\/#performer-filak-michal\">Michal Fil\u00e1k<\/a><\/p>\n<p>Hodinov\u00fd workshop pro v\u0161echny, na kter\u00e9 se obrac\u00ed d\u011bti se sv\u00fdmi probl\u00e9my. A\u0165 u\u017e jste soci\u00e1ln\u00ed pracovn\u00edk, pedagog, rodi\u010d, prarodi\u010d, sourozenec, teti\u010dka nebo str\u00fd\u010dek\u2026 hodn\u011b pomoct m\u016f\u017eete u\u017e jen t\u00edm, jak\u00fdm zp\u016fsobem budete s d\u00edt\u011btem o dan\u00e9m t\u00e9matu mluvit. Terapeuti, kte\u0159\u00ed se specializuj\u00ed na pr\u00e1ci s d\u011btmi, ml\u00e1de\u017e\u00ed a rodinou, se s v\u00e1mi pod\u011bl\u00ed nejen o sv\u00e9 vlastn\u00ed zku\u0161enosti, ale nab\u00eddnou tak\u00e9 mo\u017en\u00e9 zp\u016fsoby, jak p\u0159em\u00fd\u0161let a mluvit s d\u011btmi o tom, co je tr\u00e1p\u00ed a z\u00e1rove\u0148 podporovat \u0159e\u0161en\u00ed t\u011bchto situac\u00ed. T\u011b\u0161\u00edme se na v\u00e1s!<\/p>\n<\/div>\n<div class=\"program-item\">\n<p>16:30 &#8211; 17:30<\/p>\n<h5>aktivismus pr\u00e1vem a cestov\u00e1n\u00ed pro za\u010d\u00e1te\u010dn\u00edky<\/h5>\n<p class=\"program-item-performers\"><a class=\"performer-link\" href=\"http:\/\/old.nelen.cz\/#performer-gonova-zaneta\">\u017daneta Go\u0148ov\u00e1<\/a><\/p>\n<p>Rekonstrukce st\u00e1tu, Ob\u010dan 2.0, odpov\u011bdn\u00e1 energetika \u010di odpov\u011bdn\u00e9 po\u010d\u00edn\u00e1n\u00ed korporac\u00ed. To jsou hlavn\u00ed t\u00e9mata, na kter\u00fdch v sou\u010dasn\u00e9 dob\u011b pracuje jedna z v\u011bt\u0161\u00edch \u010desk\u00fdch nevl\u00e1dn\u00edch neziskov\u00fdch &#8211; Frank Bold. V t\u00e9to organizaci, slo\u017een\u00e9 p\u0159ev\u00e1\u017en\u011b z pr\u00e1vn\u00edk\u016f, \u017daneta pracuje t\u00e9m\u011b\u0159 5 let a p\u0159ibl\u00ed\u017e\u00ed v\u00e1m ji z pohledu nepr\u00e1vn\u00edka. \u017daneta taky r\u00e1da cestuje, a pokud bude \u010das a z\u00e1jem, d\u00e1 v\u00e1m tipy, jak cestovat n\u00edzkon\u00e1kladov\u011b a p\u0159itom z\u00e1bavn\u011b a zaj\u00edmav\u011b (aspo\u0148 tedy z jej\u00edho pohledu).<\/p>\n<\/div>\n<div class=\"program-item\">\n<p>17:30 &#8211; 18:30<\/p>\n<h5>co p\u0159in\u00e1\u0161\u00ed Erasmus?<\/h5>\n<p class=\"program-item-performers\"><a class=\"performer-link\" href=\"http:\/\/old.nelen.cz\/#performer-dvorakova-kristyna\">Krist\u00fdna Dvo\u0159\u00e1kov\u00e1<\/a>, <a class=\"performer-link\" href=\"http:\/\/old.nelen.cz\/#performer-hrabovsky-stepan\">\u0160t\u011bp\u00e1n Hrabovsk\u00fd<\/a><\/p>\n<p>Erasmus+? Co nebo kdo to je a mnohem v\u00edce se m\u016f\u017eete dozv\u011bd\u011bt v sobotu od 17:30. Prezentovat budou Krist\u00fdna Dvo\u0159\u00e1kov\u00e1, kter\u00e1 se d\u00edky tomuto programu mohla z\u00fa\u010dastnit studijn\u00edho pobytu pro pracovn\u00edky z n\u00edzkoprahov\u00fdch klub\u016f na Slovensku a \u0160t\u011bp\u00e1n Hrabovsk\u00fd, kter\u00fd studoval jeden semestr v hlavn\u00edm m\u011bst\u011b Slovinsk\u00e9 republiky a tak\u00e9 absolvoval dvoum\u011bs\u00ed\u010dn\u00ed st\u00e1\u017e v designov\u00e9m studiu v holandsk\u00e9m Rotterdamu.<\/p>\n<p><a href=\"http:\/\/www.naerasmusplus.cz\/\" target=\"_blank\">http:\/\/www.naerasmusplus.cz\/<\/a> | <a href=\"http:\/\/www.reinierdejong.com\">http:\/\/www.reinierdejong.com<\/a><\/p>\n<\/div>\n<div class=\"program-item\">\n<p>18:30 &#8211; 19:30<\/p>\n<h5>bubenick\u00fd workshop<\/h5>\n<p class=\"program-item-performers\">Ji\u0159\u00ed Nedava\u0161ka<\/p>\n<p>Bubenick\u00e9 d\u00edlny jsou v\u00fdborn\u00fdm prvkem indoorov\u00fdch i outdoorov\u00fdch aktivit zam\u011b\u0159en\u00fdch na teambuilding. Tato nab\u00eddka je ur\u010dena poradensk\u00fdm a vzd\u011bl\u00e1vac\u00edm firm\u00e1m, kter\u00e9 sv\u00fdm klient\u016fm z \u0159ad firem nab\u00edzej\u00ed vzd\u011bl\u00e1vac\u00ed a firemn\u00ed programy v\u0161eho druhu. D\u00edlny lze pojmout jako muzikoterapii, relaxaci nebo jako aktivitu podporuj\u00edc\u00ed teambuiding. Takhle je definov\u00e1n bubenick\u00fd workshop, kter\u00fd prob\u011bhne v sobotu ve\u010der i na Nele\u0148 pod veden\u00edm Ji\u0159\u00edho Nedava\u0161ky.<\/p>\n<\/div>\n<h4>sokolovna &#8211; atrium<\/h4>\n<div class=\"program-item\">\n<p>14:00 &#8211; 20:00<\/p>\n<h5>mapa pocit\u016f<\/h5>\n<p class=\"program-item-performers\"><a class=\"performer-link\" href=\"http:\/\/old.nelen.cz\/#performer-belzik-roman\">Roman Bel\u017e\u00edk<\/a>, <a class=\"performer-link\" href=\"http:\/\/old.nelen.cz\/#performer-koncerova-lea\">Lea Koncerov\u00e1<\/a>, <a class=\"performer-link\" href=\"http:\/\/old.nelen.cz\/#performer-fryzelkova-katerina\">Kate\u0159ina Fryzelkov\u00e1<\/a>, <a class=\"performer-link\" href=\"http:\/\/old.nelen.cz\/#performer-humpola-karel\">Karel Humpola<\/a>, <a class=\"performer-link\" href=\"http:\/\/old.nelen.cz\/#performer-orsakova-diana\">Diana Ors\u00e1kov\u00e1<\/a><\/p>\n<p>Mapa pocit\u016f umo\u017e\u0148uje vyj\u00e1d\u0159it ka\u017ed\u00e9mu sv\u016fj n\u00e1zor na (vystav\u011bn\u00e9) prost\u0159ed\u00ed (centr\u00e1ln\u00ed \u010d\u00e1sti) m\u011bsta. Pomoc\u00ed barevn\u00fdch zna\u010dek s r\u016fzn\u00fdmi v\u00fdznamy je mo\u017en\u00e9 v map\u011b ozna\u010dit m\u00edsta, kter\u00e1 n\u00e1s nenech\u00e1vaj\u00ed chladn\u00fdmi \u2013 v pozitivn\u00edm i negativn\u00edm smyslu. Z\u00e1rove\u0148 je voliteln\u011b mo\u017en\u00e9 p\u0159idat k ozna\u010den\u00e9 situaci jej\u00ed konkr\u00e9tn\u00ed popis. C\u00edlem je vz\u00e1jemn\u011b konfrontovat n\u00e1zory ob\u010dan\u016f na r\u016fzn\u00e9 prostory, budovy, m\u00edsta a situace, a t\u00edm poskytnout zp\u011btnou vazbu m\u00edstn\u00ed samospr\u00e1v\u011b pe\u010duj\u00edc\u00ed o dominantn\u00ed mno\u017estv\u00ed ve\u0159ejn\u00fdch prostor, ale i soukrom\u00fdm vlastn\u00edk\u016fm nemovitost\u00ed, kter\u00e9 se fyzicky, nebo jen pohledov\u011b pod\u00edlej\u00ed na obrazu m\u011bsta.<\/p>\n<\/div>\n<h4>sokolovna &#8211; \u0161atna<\/h4>\n<div class=\"program-item\">\n<p>15:00 &#8211; 18:00<\/p>\n<h5>modelov\u00e1n\u00ed hlavy z hl\u00edny a &#8222;odlej sa&#8220;<\/h5>\n<p class=\"program-item-performers\"><a class=\"performer-link\" href=\"http:\/\/old.nelen.cz\/#performer-kliment-jakub\">Jakub Kliment<\/a>, <a class=\"performer-link\" href=\"http:\/\/old.nelen.cz\/#performer-jancekova-eva\">Eva Jan\u010dekov\u00e1<\/a><\/p>\n<p>Eva Jan\u010dekov\u00e1 v\u00e1m p\u0159edstav\u00ed odl\u00e9vac\u00ed a formovac\u00ed techniku zvanou Lifecasting. Je to z\u00e1bavn\u00e1 a rychl\u00e1 forma tvorby odlitku p\u0159\u00edmo z t\u011bla, kdy po sejmut\u00ed formy z\u00edsk\u00e1me p\u0159esnou kopii v\u010detn\u011b detail\u016f p\u00f3r\u016f, jizvi\u010dek a podobn\u011b. Materi\u00e1l pro tvorbu formy je hypoalergenn\u00ed a tud\u00ed\u017e bezpe\u010dn\u00fd a vhodn\u00fd pro kohokoliv. Uvid\u00edte postup tvo\u0159en\u00ed formy a samotn\u00e9 odlit\u00ed. Div\u00e1k si odlije svou \u010d\u00e1st t\u011bla a odnese si ji ve form\u011b s\u00e1drov\u00e9ho odlitku nebo jako \u010dokol\u00e1dov\u00e9 l\u00edz\u00e1tko.<\/p>\n<\/div>\n<h4>sokolovna &#8211; okol\u00ed<\/h4>\n<div class=\"program-item\">\n<p>15:00 &#8211; 18:00<\/p>\n<h5>workshop v\u00fdroby betonov\u00fdch kv\u011btin\u00e1\u010d\u016f<\/h5>\n<p class=\"program-item-performers\"><a class=\"performer-link\" href=\"http:\/\/old.nelen.cz\/#performer-orsakova-diana\">Diana Ors\u00e1kov\u00e1<\/a><\/p>\n<p>Sm\u011bs cementu vody a dal\u0161\u00edch p\u0159\u00edm\u011bs\u00ed naz\u00fdvanou beton jist\u011b v\u0161ichni zn\u00e1me. Pro svou pevnost v tlaku je jedn\u00edm z nejd\u016fle\u017eit\u011bj\u0161\u00edch materi\u00e1l\u016f vyu\u017e\u00edvan\u00fdch ve stavebnictv\u00ed. Jedn\u00e1 se o v\u00fdjime\u010dn\u00fd materi\u00e1l, jeho\u017e historie sah\u00e1 a\u017e do obdob\u00ed antiky, kdy z n\u011bj vznikaly prvn\u00ed monument\u00e1ln\u00ed stavby starov\u011bk\u00e9ho \u0158\u00edma, jako nap\u0159\u00edklad obrovsk\u00e1 monolitick\u00e1 kopule na Pantheonu o pr\u016fm\u011bru 43,3 m a v\u00e1\u017e\u00edc\u00ed 5000 tun. Beton se v sou\u010dasn\u00e9 dob\u011b stal velmi obl\u00edben\u00fd u r\u016fzn\u00fdch skupin um\u011blc\u016f, kte\u0159\u00ed na\u0161li jeho nov\u00e9 vyu\u017eit\u00ed v designu. Vnikaj\u00ed tak velmi zaj\u00edmav\u00e1 d\u00edla jako nap\u0159\u00edklad dekora\u010dn\u00ed osv\u011btlen\u00ed, stoly, um\u00fdvadla nebo dokonce od\u011bvy. C\u00edlem tohoto workshopu je vyzkou\u0161et si pr\u00e1ci s t\u00edmto materi\u00e1lem a vytvo\u0159it si vlastn\u00ed designov\u00fd kousek v podob\u011b v\u00e1zy \u010di m\u00edsy.<\/p>\n<\/div>\n<div class=\"program-item\">\n<p>18:00 &#8211; 20:30<\/p>\n<h5>finger paint<\/h5>\n<p class=\"program-item-performers\"><a class=\"performer-link\" href=\"http:\/\/old.nelen.cz\/#performer-studenik-pavel\">Pavel Studen\u00edk<\/a><\/p>\n<p>Finger Paint je interaktivn\u00ed kreslen\u00ed po st\u011bn\u011b budovy. My\u0161lenka aplikace Finger paintu je kreslit bez jak\u00e9hokoliv n\u00e1stroje pouze prost\u0159ednictv\u00edm prstu. Princip spo\u010d\u00edv\u00e1 v nasv\u00edcen\u00ed prstu u\u017eivatele a sn\u00edm\u00e1n\u00ed jeho pohybu. St\u00edn\u011bn\u00e9 halogenov\u00e9 sv\u011btlo vytvo\u0159\u00ed hranici mezi tmou a sv\u011btlem. A po vlo\u017een\u00ed prstu do nasv\u00edcen\u00e9ho pole je jeho pohyb ihned rozpozn\u00e1n kamerou.<\/p>\n<\/div>\n<div class=\"program-item\">\n<p>21:00 &#8211; 21:30<\/p>\n<h5>fireshow<\/h5>\n<p>Uskupen\u00ed performer\u016f z okol\u00ed Bojkovic n\u00e1m v sobotu p\u0159edvedou co takov\u00e1 fireshow vlastn\u011b je. Pro p\u0159edstavu jde o kombinace \u017eonglov\u00e1n\u00ed s ohn\u011bm pomoc\u00ed r\u016fzn\u00fdch n\u00e1stroj\u016f jako \u0159et\u011bz\u016f, ty\u010d\u00ed, lan, m\u00ed\u010dk\u016f a pohybov\u00e9ho um\u011bn\u00ed jako tance. \u010casto b\u00fdv\u00e1 vystoupen\u00ed doprov\u00e1zeno nap\u0159\u00edklad skupinkou hr\u00e1\u010d\u016f na bub\u00ednky djembe apood.<\/p>\n<\/div>\n<h4>sokolovna &#8211; prav\u00fd balkon<\/h4>\n<div class=\"program-item\">\n<p>14:00-20:00<\/p>\n<h5>v\u00fdstava um\u011bleck\u00e9 sekce<\/h5>\n<p class=\"program-item-performers\"><a class=\"performer-link\" href=\"http:\/\/old.nelen.cz\/#performer-kliment-jakub\">Jakub Kliment<\/a>, <a class=\"performer-link\" href=\"http:\/\/old.nelen.cz\/#performer-jancekova-eva\">Eva Jan\u010dekov\u00e1<\/a>, <a class=\"performer-link\" href=\"http:\/\/old.nelen.cz\/#performer-domorad-petr\">Petr Domor\u00e1d<\/a>, <a class=\"performer-link\" href=\"http:\/\/old.nelen.cz\/#performer-nepovimova-natalie\">Nat\u00e1lie Nepov\u00edmov\u00e1<\/a><\/p>\n<p>Abyste si ne\u0159ekli, \u017ee artist\u00e9 z um\u011bleck\u00e9 sekce p\u0159i\u0161li na Nele\u0148 jen tak \u201ctlachat\u201d, tak si pro v\u00e1s tak\u00e9 p\u0159iprav\u00ed autorskou \u201cmini\u201d v\u00fdstavu prac\u00ed. K vid\u011bn\u00ed budou sochy Jakuba Klimenta a Evy Jan\u010dekov\u00e9, d\u00e1le n\u011bco z grafick\u00e9 tvorby Petra Domor\u00e1da \u010di Nat\u00e1lie Nepov\u00edmov\u00e9, studentky designu od\u011bvu a obuvi.<\/p>\n<\/div>\n<h4>sokolovna &#8211; ostatn\u00ed<\/h4>\n<div class=\"program-item\">\n<p>14:00-19:00<\/p>\n<h5>nele\u0148 a poj\u010f se vyfotit<\/h5>\n<p class=\"program-item-performers\"><a class=\"performer-link\" href=\"http:\/\/old.nelen.cz\/#performer-pokorna-vera\">V\u011bra Pokorn\u00e1<\/a><\/p>\n<p>U\u017e jste n\u011bkdy p\u0159em\u00fd\u0161leli, jak\u00e9 by to bylo, kdybyste si nechali nar\u016fst kn\u00edr? Movember se bl\u00ed\u017e\u00ed a nen\u00ed jenom pro mu\u017ee! Co kdybyste si zvolili jin\u00e9 povol\u00e1n\u00ed a stali na moment v\u011bdcem \u010di architektem? V\u00a0r\u00e1mci doprovodn\u00e9ho programu si to m\u016f\u017eete zkusit a nechat se tak zv\u011b\u010dnit na fotografi\u00edch, kter\u00e9 budou zve\u0159ejn\u011bny na webu www.nelen.cz. C\u00edlem je p\u0159edev\u0161\u00edm zlep\u0161en\u00ed n\u00e1lady sob\u011b a ostatn\u00edm, vedle toho podpo\u0159\u00edte multi\u017e\u00e1nrov\u00fd festival Nele\u0148!<\/p>\n<\/div>\n","protected":false},"excerpt":{"rendered":"<p>grafick\u00fd pl\u00e1n: &nbsp; podrobn\u00fd rozpis: podrobn\u00fd rozpis: sokolovna &#8211; s\u00e1l 13:00 zah\u00e1jen\u00ed akce Michal Fil\u00e1k Ofici\u00e1ln\u00ed zah\u00e1jen\u00ed multi\u017e\u00e1nrov\u00e9ho festivalu Nele\u0148!, \u00favodn\u00ed slovo 14:00 &#8211; 16:00 v\u011bda a v\u00fdzkum Kate\u0159ina Jir\u00e1kov\u00e1, Luk\u00e1\u0161 M\u00fcnster, Monika Pa\u00farov\u00e1, Jana Fryzelkov\u00e1, Franti\u0161ek Sa\u0148\u00e1k, garantem sekce je Petr Dan\u011bk Sekce se zam\u011b\u0159uje na sezn\u00e1men\u00ed ve\u0159ejnosti se sv\u011btem p\u0159\u00edrodn\u00edch v\u011bd a v\u00fdzkumu. [&hellip;]<\/p>\n","protected":false},"author":1,"featured_media":0,"parent":156,"menu_order":0,"comment_status":"closed","ping_status":"closed","template":"","meta":{"_acf_changed":false,"footnotes":""},"class_list":["post-158","page","type-page","status-publish","hentry"],"acf":[],"_links":{"self":[{"href":"https:\/\/www.nelen.cz\/2015\/wp-json\/wp\/v2\/pages\/158","targetHints":{"allow":["GET"]}}],"collection":[{"href":"https:\/\/www.nelen.cz\/2015\/wp-json\/wp\/v2\/pages"}],"about":[{"href":"https:\/\/www.nelen.cz\/2015\/wp-json\/wp\/v2\/types\/page"}],"author":[{"embeddable":true,"href":"https:\/\/www.nelen.cz\/2015\/wp-json\/wp\/v2\/users\/1"}],"replies":[{"embeddable":true,"href":"https:\/\/www.nelen.cz\/2015\/wp-json\/wp\/v2\/comments?post=158"}],"version-history":[{"count":0,"href":"https:\/\/www.nelen.cz\/2015\/wp-json\/wp\/v2\/pages\/158\/revisions"}],"up":[{"embeddable":true,"href":"https:\/\/www.nelen.cz\/2015\/wp-json\/wp\/v2\/pages\/156"}],"wp:attachment":[{"href":"https:\/\/www.nelen.cz\/2015\/wp-json\/wp\/v2\/media?parent=158"}],"curies":[{"name":"wp","href":"https:\/\/api.w.org\/{rel}","templated":true}]}}