{"id":64,"date":"2016-03-31T18:30:18","date_gmt":"2016-03-31T17:30:18","guid":{"rendered":"http:\/\/www.nelen.cz\/?page_id=64"},"modified":"2016-03-31T18:30:18","modified_gmt":"2016-03-31T17:30:18","slug":"diana-orsakova","status":"publish","type":"page","link":"https:\/\/www.nelen.cz\/2015\/ucinkujici\/architektura-a-stavitelstvi\/diana-orsakova\/","title":{"rendered":"Ing. Diana Ors\u00e1kov\u00e1"},"content":{"rendered":"<p><img loading=\"lazy\" decoding=\"async\" class=\"size-medium wp-image-43 alignright\" src=\"http:\/\/www.nelen.cz\/2015\/wp-content\/uploads\/sites\/2\/2016\/03\/orsakova_diana-200x300.jpg\" alt=\"OLYMPUS DIGITAL CAMERA\" width=\"200\" height=\"300\" \/><\/p>\n<p>intern\u00ed doktorand Katedry m\u011bstsk\u00e9ho in\u017een\u00fdrstv\u00ed FAST V\u0160B -TUO<\/p>\n<p>O oboru sv\u00e9ho povol\u00e1n\u00ed jsem m\u011bla jasno snad ji\u017e od d\u011btsk\u00fdch let. Stava\u0159ina pro m\u011b zkr\u00e1tka byla jasn\u00e1 volba. Proto m\u00e1 studijn\u00ed l\u00e9ta zapo\u010dala na St\u0159edn\u00ed pr\u016fmyslov\u00e9 \u0161kole stavebn\u00ed ve Vala\u0161sk\u00e9m Mezi\u0159\u00ed\u010d\u00ed, kde jsem studovala studijn\u00ed obor Stavebn\u00ed obnova. Pot\u00e9 m\u00e9 kroky sm\u011b\u0159ovaly do Ostravy na stavebn\u00ed fakultu Vysok\u00e9 \u0161koly b\u00e1\u0148sk\u00e9- Technick\u00e9 univerzity Ostrava. Zde jsem nejd\u0159\u00edve absolvovala \u010dty\u0159let\u00e9 bakal\u00e1\u0159sk\u00e9 studium studijn\u00edho oboru Architektura a stavitelstv\u00ed, a n\u00e1sledn\u011b magistersk\u00e9ho studium oboru M\u011bstsk\u00e9 stavitelstv\u00ed a in\u017een\u00fdrstv\u00ed. Po \u00fasp\u011b\u0161n\u00e9m zakon\u010den\u00ed, kdy jsem za svou diplomovou pr\u00e1ci z\u00edskala Ocen\u011bn\u00ed d\u011bkana fakulty, se mi fakultu a p\u0159edev\u0161\u00edm studentsk\u00fd \u017eivot necht\u011blo opustit. Proto pokra\u010duji v doktorsk\u00e9m studiu. M\u00e1 diserta\u010dn\u00ed pr\u00e1ce se v\u011bnuje studii adaptability vn\u011bj\u0161\u00edho prost\u0159ed\u00ed staveb a jej\u00edm vlivu na kvalitu bydlen\u00ed. Pod\u00edl\u00edm se na v\u00fduce, p\u00ed\u0161u v\u011bdeck\u00e9 \u010dl\u00e1nky, \u00fa\u010dastn\u00edm se konferenc\u00ed atd. Praxe je v tomto oboru stejn\u011b d\u016fle\u017eit\u00e1 jako teorie a proto pracuji jako externista v jedn\u00e9 z ostravsk\u00fdch architektonicko-projek\u010dn\u00ed kancel\u00e1\u0159\u00ed. Mezi m\u00e9 z\u00e1liby pat\u0159\u00ed sport-b\u011bh, hudba a cestov\u00e1n\u00ed. D\u00e1le se zaj\u00edm\u00e1m o um\u011bn\u00ed v\u0161eho druhu. Posledn\u00ed dobou nejv\u00edce o interi\u00e9rov\u00fd design. Ze sou\u010dasn\u00e9 architektury mne velmi oslovila britsk\u00e1 architektka a mal\u00ed\u0159ka Zaha Hadid.<\/p>\n","protected":false},"excerpt":{"rendered":"<p>intern\u00ed doktorand Katedry m\u011bstsk\u00e9ho in\u017een\u00fdrstv\u00ed FAST V\u0160B -TUO O oboru sv\u00e9ho povol\u00e1n\u00ed jsem m\u011bla jasno snad ji\u017e od d\u011btsk\u00fdch let. Stava\u0159ina pro m\u011b zkr\u00e1tka byla jasn\u00e1 volba. Proto m\u00e1 studijn\u00ed l\u00e9ta zapo\u010dala na St\u0159edn\u00ed pr\u016fmyslov\u00e9 \u0161kole stavebn\u00ed ve Vala\u0161sk\u00e9m Mezi\u0159\u00ed\u010d\u00ed, kde jsem studovala studijn\u00ed obor Stavebn\u00ed obnova. Pot\u00e9 m\u00e9 kroky sm\u011b\u0159ovaly do Ostravy na stavebn\u00ed [&hellip;]<\/p>\n","protected":false},"author":1,"featured_media":0,"parent":14,"menu_order":0,"comment_status":"closed","ping_status":"closed","template":"","meta":{"_acf_changed":false,"footnotes":""},"class_list":["post-64","page","type-page","status-publish","hentry"],"acf":[],"_links":{"self":[{"href":"https:\/\/www.nelen.cz\/2015\/wp-json\/wp\/v2\/pages\/64","targetHints":{"allow":["GET"]}}],"collection":[{"href":"https:\/\/www.nelen.cz\/2015\/wp-json\/wp\/v2\/pages"}],"about":[{"href":"https:\/\/www.nelen.cz\/2015\/wp-json\/wp\/v2\/types\/page"}],"author":[{"embeddable":true,"href":"https:\/\/www.nelen.cz\/2015\/wp-json\/wp\/v2\/users\/1"}],"replies":[{"embeddable":true,"href":"https:\/\/www.nelen.cz\/2015\/wp-json\/wp\/v2\/comments?post=64"}],"version-history":[{"count":0,"href":"https:\/\/www.nelen.cz\/2015\/wp-json\/wp\/v2\/pages\/64\/revisions"}],"up":[{"embeddable":true,"href":"https:\/\/www.nelen.cz\/2015\/wp-json\/wp\/v2\/pages\/14"}],"wp:attachment":[{"href":"https:\/\/www.nelen.cz\/2015\/wp-json\/wp\/v2\/media?parent=64"}],"curies":[{"name":"wp","href":"https:\/\/api.w.org\/{rel}","templated":true}]}}