{"id":1610,"date":"2017-10-19T01:31:08","date_gmt":"2017-10-18T23:31:08","guid":{"rendered":"https:\/\/www.nelen.cz\/?post_type=performer&amp;p=1610"},"modified":"2017-10-19T01:31:08","modified_gmt":"2017-10-18T23:31:08","slug":"mga-tereza-pavelkova","status":"publish","type":"performer","link":"https:\/\/www.nelen.cz\/2017\/ucinkujici\/mga-tereza-pavelkova\/","title":{"rendered":"MgA. Tereza Pavelkov\u00e1"},"content":{"rendered":"<p>&#8222;Jsem doktorandkou na kated\u0159e teorie a kritiky Divadeln\u00ed fakulty Akademie m\u00fazick\u00fdch um\u011bn\u00ed v Praze. Poch\u00e1z\u00edm ze Slavi\u010d\u00edna, ale nyn\u00ed \u017eiji v Praze. Absolvovala jsem bakal\u00e1\u0159sk\u00e9 studium divadeln\u00ed a filmov\u00e9 v\u011bdy na Masarykov\u011b univerzit\u011b v Brn\u011b a pot\u00e9 jsem byla p\u0159ijata na svou vysn\u011bnou \u0161kolu &#8211; na DAMU.<br \/>\nKrom\u011b psan\u00ed kritik a recenz\u00ed pro nejr\u016fzn\u011bj\u0161\u00ed divadeln\u00ed periodika a festivalov\u00e9 \u010dasopisy, se v\u011bnuji tak\u00e9 tv\u016fr\u010d\u00edmu psan\u00ed (p\u00ed\u0161i dramata, poh\u00e1dky, tvo\u0159\u00edm dramatizace atd. ) a \u010d\u00e1ste\u010dn\u011b i dramaturgii. P\u0159ed dv\u011bma lety jsem se stala sou\u010d\u00e1st\u00ed PR t\u00fdmu DAMU a v sou\u010dasn\u00e9 dob\u011b pracuji na odd\u011blen\u00ed pro v\u011bdu, v\u00fdzkum, PR a rozvoj rektor\u00e1tu AMU.<br \/>\nB\u011bhem sv\u00fdch studi\u00ed jsem se ji\u017e n\u011bkolikr\u00e1t setkala s ot\u00e1zkou \u201eco z tebe bude?\u201c. \u201eZ\u0159ejm\u011b here\u010dka, kdy\u017e studuje\u0161 na DAMU, \u017ee?\u201c Doty\u010dn\u00fdm se v\u017edy sna\u017e\u00edm pokorn\u011b vysv\u011btlit, \u017ee divadlo nen\u00ed jen o herc\u00edch, ale \u017ee je pro jeho fungov\u00e1n\u00ed nezbytn\u00e9 velk\u00e9 mno\u017estv\u00ed jin\u00fdch, nem\u00e9n\u011b d\u016fle\u017eit\u00fdch profes\u00ed, kter\u00e9 se na v\u00fdsledn\u00e9 um\u011bleck\u00e9 kvalit\u011b mnohdy pod\u00edlej\u00ed mnohem v\u011bt\u0161\u00ed vahou. Z\u00e1rove\u0148 v\u011b\u0159\u00edm tomu, \u017ee studium takov\u00e9ho oboru, jako je divadeln\u00ed kritika nebo divadeln\u00ed v\u011bda, nen\u00ed jen z\u00e1le\u017eitost\u00ed \u201edruh\u00e9 volby\u201c t\u011bch, kte\u0159\u00ed se nedostali na herectv\u00ed, ale m\u016f\u017ee otev\u0159\u00edt spoustu zaj\u00edmav\u00fdch, t\u0159eba i mimodivadeln\u00edch mo\u017enost\u00ed. A pr\u00e1v\u011b ty se ve sv\u00e9m \u017eivot\u011b a profesi sama sna\u017e\u00edm neust\u00e1le vyu\u017e\u00edvat.&#8220;<\/p>\n","protected":false},"excerpt":{"rendered":"<p>&#8222;Jsem doktorandkou na kated\u0159e teorie a kritiky Divadeln\u00ed fakulty Akademie m\u00fazick\u00fdch um\u011bn\u00ed v Praze. Poch\u00e1z\u00edm ze Slavi\u010d\u00edna, ale nyn\u00ed \u017eiji v Praze. Absolvovala jsem bakal\u00e1\u0159sk\u00e9 studium divadeln\u00ed a filmov\u00e9 v\u011bdy na Masarykov\u011b univerzit\u011b v Brn\u011b a pot\u00e9 jsem byla p\u0159ijata na svou vysn\u011bnou \u0161kolu &#8211; na DAMU. Krom\u011b psan\u00ed kritik a recenz\u00ed pro nejr\u016fzn\u011bj\u0161\u00ed divadeln\u00ed [&hellip;]<\/p>\n","protected":false},"featured_media":1611,"menu_order":0,"template":"","meta":{"_acf_changed":false,"footnotes":""},"class_list":["post-1610","performer","type-performer","status-publish","has-post-thumbnail","hentry"],"acf":{"title_pre":"MgA.","firstname":"Tereza","surname":"Pavelkov\u00e1","title_post":"","position":"","town":"","phone":"","email":""},"_links":{"self":[{"href":"https:\/\/www.nelen.cz\/2017\/wp-json\/wp\/v2\/performer\/1610","targetHints":{"allow":["GET"]}}],"collection":[{"href":"https:\/\/www.nelen.cz\/2017\/wp-json\/wp\/v2\/performer"}],"about":[{"href":"https:\/\/www.nelen.cz\/2017\/wp-json\/wp\/v2\/types\/performer"}],"version-history":[{"count":0,"href":"https:\/\/www.nelen.cz\/2017\/wp-json\/wp\/v2\/performer\/1610\/revisions"}],"wp:featuredmedia":[{"embeddable":true,"href":"https:\/\/www.nelen.cz\/2017\/wp-json\/wp\/v2\/media\/1611"}],"wp:attachment":[{"href":"https:\/\/www.nelen.cz\/2017\/wp-json\/wp\/v2\/media?parent=1610"}],"curies":[{"name":"wp","href":"https:\/\/api.w.org\/{rel}","templated":true}]}}