{"id":1689,"date":"2017-10-19T09:56:30","date_gmt":"2017-10-19T07:56:30","guid":{"rendered":"https:\/\/www.nelen.cz\/?post_type=performer&amp;p=1689"},"modified":"2017-10-19T09:56:30","modified_gmt":"2017-10-19T07:56:30","slug":"gabriela-klabackova","status":"publish","type":"performer","link":"https:\/\/www.nelen.cz\/2017\/ucinkujici\/gabriela-klabackova\/","title":{"rendered":"Gabriela Klaba\u010dkov\u00e1"},"content":{"rendered":"<p>&#8222;\u017de je kniha nejlep\u0161\u00edm p\u0159\u00edtelem \u010dlov\u011bka, nepova\u017euji za kli\u0161\u00e9 \u2013 kdo jednou obr\u00e1t\u00ed str\u00e1nku zaj\u00edmav\u00e9ho \u010dtiva, chce obr\u00e1tit i dal\u0161\u00ed. Knihy jsou m\u00fdmi p\u0159\u00e1teli jak v soukrom\u00ed, tak v profesn\u00edm \u017eivot\u011b, prov\u00e1zej\u00ed mne po cel\u00fd \u017eivot. Proto z\u0159ejm\u011b nikoho nep\u0159ekvap\u00ed, \u017ee pracuji jako vedouc\u00ed M\u011bstsk\u00e9 knihovny ve Slavi\u010d\u00edn\u011b a pat\u0159\u00edm u\u017e tak trochu u\u017e k jej\u00edmu invent\u00e1\u0159i. Odmala jsem se nech\u00e1vala un\u00e1\u0161et na vln\u00e1ch liter\u00e1rn\u00ed fantazie a je tomu tak dodnes. Pr\u00e1ce s knihou je pro mne radost\u00ed ve v\u0161ech sm\u011brech \u2013 od v\u00fdb\u011bru, p\u0159es katalogizaci a\u017e po jej\u00ed doputov\u00e1n\u00ed ke \u010dten\u00e1\u0159i, kter\u00fd ji pak vrac\u00ed spokojen, se slovy\u2026\u201e ta se \u010detla jedn\u00edm dechem\u201c.<\/p>\n<p>M\u00fdm odv\u011bk\u00fdm p\u0159\u00e1n\u00edm bylo v\u0161ak otev\u00edrat dve\u0159e knihovny nejen milovn\u00edk\u016fm \u010detby, ale i cel\u00e9 ve\u0159ejnosti. Vytv\u00e1\u0159et tedy jej\u00ed atmosf\u00e9ru v duchu m\u00edsta p\u0159\u00edjemn\u00e9ho spole\u010dn\u00e9ho setk\u00e1v\u00e1n\u00ed v\u0161ech generac\u00ed bez jak\u00fdchkoli bari\u00e9r. Tuto vizi \u201eknihovny pro v\u0161echny\u201c se postupem \u010dasu \u00fasp\u011b\u0161n\u011b poda\u0159ilo prom\u011bnit ve skute\u010dnost a lze ji v sou\u010dasnosti pova\u017eovat za pr\u00e1voplatn\u00e9 komunitn\u00ed centrum m\u011bsta, kde to ka\u017edodenn\u011b \u201e \u017eije\u201c &#8211; literaturou, um\u011bn\u00edm, hudbou, v\u011bdou, histori\u00ed, rukod\u011blnou tvorbou &#8211; prost\u011b v\u0161\u00edm, co V\u00e1s zaj\u00edm\u00e1 a bav\u00ed.&#8220;<\/p>\n","protected":false},"excerpt":{"rendered":"<p>&#8222;\u017de je kniha nejlep\u0161\u00edm p\u0159\u00edtelem \u010dlov\u011bka, nepova\u017euji za kli\u0161\u00e9 \u2013 kdo jednou obr\u00e1t\u00ed str\u00e1nku zaj\u00edmav\u00e9ho \u010dtiva, chce obr\u00e1tit i dal\u0161\u00ed. Knihy jsou m\u00fdmi p\u0159\u00e1teli jak v soukrom\u00ed, tak v profesn\u00edm \u017eivot\u011b, prov\u00e1zej\u00ed mne po cel\u00fd \u017eivot. Proto z\u0159ejm\u011b nikoho nep\u0159ekvap\u00ed, \u017ee pracuji jako vedouc\u00ed M\u011bstsk\u00e9 knihovny ve Slavi\u010d\u00edn\u011b a pat\u0159\u00edm u\u017e tak trochu u\u017e k [&hellip;]<\/p>\n","protected":false},"featured_media":1732,"menu_order":0,"template":"","meta":{"_acf_changed":false,"footnotes":""},"class_list":["post-1689","performer","type-performer","status-publish","has-post-thumbnail","hentry"],"acf":{"title_pre":"","firstname":"Gabriela","surname":"Klaba\u010dkov\u00e1","title_post":"","position":"","town":"","phone":"","email":""},"_links":{"self":[{"href":"https:\/\/www.nelen.cz\/2017\/wp-json\/wp\/v2\/performer\/1689","targetHints":{"allow":["GET"]}}],"collection":[{"href":"https:\/\/www.nelen.cz\/2017\/wp-json\/wp\/v2\/performer"}],"about":[{"href":"https:\/\/www.nelen.cz\/2017\/wp-json\/wp\/v2\/types\/performer"}],"version-history":[{"count":0,"href":"https:\/\/www.nelen.cz\/2017\/wp-json\/wp\/v2\/performer\/1689\/revisions"}],"wp:featuredmedia":[{"embeddable":true,"href":"https:\/\/www.nelen.cz\/2017\/wp-json\/wp\/v2\/media\/1732"}],"wp:attachment":[{"href":"https:\/\/www.nelen.cz\/2017\/wp-json\/wp\/v2\/media?parent=1689"}],"curies":[{"name":"wp","href":"https:\/\/api.w.org\/{rel}","templated":true}]}}