{"id":1599,"date":"2017-10-19T01:26:18","date_gmt":"2017-10-18T23:26:18","guid":{"rendered":"https:\/\/www.nelen.cz\/?post_type=program&amp;p=1599"},"modified":"2017-10-19T01:26:18","modified_gmt":"2017-10-18T23:26:18","slug":"vytvarna-scena-sedesatych-let-ve-zline","status":"publish","type":"program","link":"https:\/\/www.nelen.cz\/2017\/program\/vytvarna-scena-sedesatych-let-ve-zline\/","title":{"rendered":"V\u00fdtvarn\u00e1 sc\u00e9na \u0161edes\u00e1t\u00fdch let ve Zl\u00edn\u011b"},"content":{"rendered":"<p>\u0160edes\u00e1t\u00e1 l\u00e9ta ve Zl\u00edn\u011b nebyla dobou temna, kdy se nic zaj\u00edmav\u00e9ho ned\u011blo. Naopak Zl\u00ednu se tehdy poda\u0159ilo vyrovnat se ve v\u00fdtvarn\u00e9 sf\u00e9\u0159e v\u011bt\u0161\u00edm um\u011bleck\u00fdm centr\u016fm, jako byla m\u011bsta Praha \u010di Brno. Co se zde ud\u00e1lo za p\u0159elomov\u00e9 ud\u00e1losti? Jak\u00e1 byla n\u00e1pl\u0148 v\u00fdstavn\u00ed \u010dinnosti? To se dozv\u00edte v m\u00e9m p\u0159\u00edsp\u011bvku.<\/p>\n","protected":false},"excerpt":{"rendered":"<p>\u0160edes\u00e1t\u00e1 l\u00e9ta ve Zl\u00edn\u011b nebyla dobou temna, kdy se nic zaj\u00edmav\u00e9ho ned\u011blo. Naopak Zl\u00ednu se tehdy poda\u0159ilo vyrovnat se ve v\u00fdtvarn\u00e9 sf\u00e9\u0159e v\u011bt\u0161\u00edm um\u011bleck\u00fdm centr\u016fm, jako byla m\u011bsta Praha \u010di Brno. Co se zde ud\u00e1lo za p\u0159elomov\u00e9 ud\u00e1losti? Jak\u00e1 byla n\u00e1pl\u0148 v\u00fdstavn\u00ed \u010dinnosti? To se dozv\u00edte v m\u00e9m p\u0159\u00edsp\u011bvku.<\/p>\n","protected":false},"featured_media":0,"parent":0,"menu_order":0,"template":"","meta":{"_acf_changed":false,"footnotes":""},"class_list":["post-1599","program","type-program","status-publish","hentry"],"acf":[],"_links":{"self":[{"href":"https:\/\/www.nelen.cz\/2017\/wp-json\/wp\/v2\/program\/1599","targetHints":{"allow":["GET"]}}],"collection":[{"href":"https:\/\/www.nelen.cz\/2017\/wp-json\/wp\/v2\/program"}],"about":[{"href":"https:\/\/www.nelen.cz\/2017\/wp-json\/wp\/v2\/types\/program"}],"version-history":[{"count":0,"href":"https:\/\/www.nelen.cz\/2017\/wp-json\/wp\/v2\/program\/1599\/revisions"}],"wp:attachment":[{"href":"https:\/\/www.nelen.cz\/2017\/wp-json\/wp\/v2\/media?parent=1599"}],"curies":[{"name":"wp","href":"https:\/\/api.w.org\/{rel}","templated":true}]}}